{"id":527,"date":"2024-10-28T00:54:35","date_gmt":"2024-10-28T00:54:35","guid":{"rendered":"https:\/\/www.akineziologia.hu\/?page_id=527"},"modified":"2024-12-04T15:12:27","modified_gmt":"2024-12-04T15:12:27","slug":"metamorf-masszazs","status":"publish","type":"page","link":"https:\/\/www.akineziologia.hu\/?page_id=527","title":{"rendered":"Metamorf massz\u00e1zs"},"content":{"rendered":"<section class=\"bde-section-527-100 bde-section\">\n  \n  \n\t\n\n\n\n<div class=\"section-container\"><h3 class=\"bde-heading-527-101 bde-heading\">\nMetamorf massz\u00e1zs<br>\n<\/h3><div class=\"bde-text-527-102 bde-text\">\nA Metamorf massz\u00e1zs egy blokkold\u00f3 technika mely a gerinc reflexz\u00f3n\u00e1in kereszt\u0171l fejti ki hat\u00e1s\u00e1t. Igen er\u0151s stresszold\u00f3 \u00e9s lelki blokkold\u00f3 hat\u00e1ssal b\u00edr, mely kihat az eg\u00e9sz szervezetre.  Nagyon finom, gyeng\u00e9d \u00e9rint\u00e9seket alkalmaz a test reflexpontjain, amelyek a l\u00e1bfejen, k\u00e9zfejen, kopony\u00e1n \u00e9s arcon helyezkednek el \u00e9s \u00edgy stimul\u00e1lja a gerincreflexpontokat. Ezek a finom \u00e9rint\u00e9sek, mint gyeng\u00e9d l\u00f6k\u00e9shull\u00e1mok, energetikai hat\u00e1st v\u00e1ltanak ki a szervezetben, ami elind\u00edtja az \u00f6ngy\u00f3gy\u00edt\u00f3 folyamatokat \u00e9s egyszerre hat a testre, l\u00e9lekre, szellemre. Oldja a jelenlegi konfliktusokat \u00e9s a m\u00faltban szerzetteket, ak\u00e1r az anyam\u00e9hben szerzetteket. V\u00e1ltoz\u00e1st \u00e9s javul\u00e1st hoz a mindennapi \u00e9letben az \u00e9letm\u00f3dban \u00e9s az \u00e9letszeml\u00e9letben. Ez egy nagyon egyszer\u0171, szel\u00edd m\u00f3dszer mely n\u00f6veli a tudatoss\u00e1got \u00e9s hozz\u00e1j\u00e1rulhat a lelki fejl\u0151d\u00e9shez. <br>\n<\/div><div class=\"bde-image-527-128 bde-image\">\n<figure class=\"breakdance-image breakdance-image--48\">\n\t<div class=\"breakdance-image-container\">\n\t\t<div class=\"breakdance-image-clip\"><img loading=\"lazy\" decoding=\"async\" class=\"breakdance-image-object\" src=\"https:\/\/www.akineziologia.hu\/wp-content\/uploads\/2024\/10\/3.jpg\" width=\"2000\" height=\"1335\" srcset=\"https:\/\/www.akineziologia.hu\/wp-content\/uploads\/2024\/10\/3.jpg 2000w, https:\/\/www.akineziologia.hu\/wp-content\/uploads\/2024\/10\/3-300x200.jpg 300w, https:\/\/www.akineziologia.hu\/wp-content\/uploads\/2024\/10\/3-1024x684.jpg 1024w, https:\/\/www.akineziologia.hu\/wp-content\/uploads\/2024\/10\/3-768x513.jpg 768w, https:\/\/www.akineziologia.hu\/wp-content\/uploads\/2024\/10\/3-1536x1025.jpg 1536w\" sizes=\"auto, (max-width: 2000px) 100vw, 2000px\"><\/div>\n\t<\/div><\/figure>\n\n<\/div><h3 class=\"bde-heading-527-134 bde-heading\">\nA kezel\u00e9s menete<br>\n<\/h3><div class=\"bde-text-527-104 bde-text\">\nA kezel\u00e9s h\u00e1ton fekve massz\u00e1zs\u00e1gyon, ruh\u00e1ban t\u00f6rt\u00e9nik \u00e9s mez\u00edtl\u00e1b. Sz\u00e1modra k\u00e9nyelmes \u00f6lt\u00f6z\u00e9kben legy\u00e9l, nem k\u00f6zvetlen\u00fcl \u00e9tkez\u00e9s ut\u00e1n \u00e9s nem is korg\u00f3 gyomorral. A massz\u00e1zs idej\u00e9re levessz\u00fck a kark\u00f6t\u0151t, \u00f3r\u00e1t, nyakl\u00e1ncot, gy\u0171r\u0171t.) <br><br>Egy r\u00f6vid, 5 perces besz\u00e9lget\u00e9ssel kezdj\u00fck. Elmondod mi\u00e9rt j\u00f6tt\u00e9l, mi az, amin v\u00e1ltoztatni szeretn\u00e9l, milyen ir\u00e1nyba szeretn\u00e9d, hogy haladjon az \u00e9leted.<br>Ezt k\u00f6vet\u0151en adok egy nedves t\u00f6rl\u0151kend\u0151t, hogy megt\u00f6r\u00f6ld vele a l\u00e1baid, mivel a massz\u00e1zs mez\u00edtl\u00e1b t\u00f6rt\u00e9nik. A ruh\u00e1d rajtad marad v\u00e9gig. Felfekszel a massz\u00e1zs\u00e1gyra, k\u00e9nyelembe helyezed magad, kapsz egy puha pl\u00e9det is, hogy betakard vele magad. A massz\u00e1zs alatt mindig csak a kezelt ter\u00fclet lesz kitakarva.<br>Majd egy r\u00f6vid szem\u00e9lyre szabott medit\u00e1ci\u00f3val folytatjuk, belesz\u0151ve az el\u0151z\u0151leg elhangzottakat. Ez seg\u00edti az ellazul\u00e1st \u00e9s az elm\u00e9lyed\u00e9sed.<br>A medit\u00e1ci\u00f3 ut\u00e1n k\u00f6vetkezik a reflexpontok gyeng\u00e9d \u00e9rint\u00e9se. A hat\u00e1smechanizmusok egym\u00e1sra \u00e9p\u00fclnek, ez\u00e9rt minden \u00e9rint\u00e9s meghat\u00e1rozott sorrendben t\u00f6rt\u00e9nik. \u00c1ltal\u00e1ban egy m\u00e9ly ellazult \u00e1llapot jellemzi a massz\u00e1zs eg\u00e9sz folyamat\u00e1t. S\u0151t, van, hogy valaki elalszik k\u00f6zben. De el\u0151j\u00f6het s\u00edr\u00e1s, vagy nevet\u00e9s is a massz\u00e1zs k\u00f6zben. Ez mind teljesen rendben van. Ezeket ilyenkor nem tudjuk kontroll\u00e1lni, \u00e9s nem is kell.\n<\/div><\/div>\n<\/section><section class=\"bde-section-527-105 bde-section\">\n  \n  \n\t\n\n\n\n<div class=\"section-container\"><div class=\"bde-columns-527-106 bde-columns\"><div class=\"bde-column-527-107 bde-column\">\n  \n  \n\t\n\n\n\n<div class=\"bde-image-527-108 bde-image\">\n<figure class=\"breakdance-image breakdance-image--440\">\n\t<div class=\"breakdance-image-container\">\n\t\t<div class=\"breakdance-image-clip\"><img loading=\"lazy\" decoding=\"async\" class=\"breakdance-image-object\" src=\"https:\/\/www.akineziologia.hu\/wp-content\/uploads\/2024\/10\/E_2023_S-4-768x1151.jpg\" width=\"768\" height=\"1151\" srcset=\"https:\/\/www.akineziologia.hu\/wp-content\/uploads\/2024\/10\/E_2023_S-4-768x1151.jpg 768w, https:\/\/www.akineziologia.hu\/wp-content\/uploads\/2024\/10\/E_2023_S-4-200x300.jpg 200w, https:\/\/www.akineziologia.hu\/wp-content\/uploads\/2024\/10\/E_2023_S-4-684x1024.jpg 684w, https:\/\/www.akineziologia.hu\/wp-content\/uploads\/2024\/10\/E_2023_S-4-1025x1536.jpg 1025w\" sizes=\"auto, (max-width: 768px) 100vw, 768px\"><\/div>\n\t<\/div><\/figure>\n\n<\/div><div class=\"bde-text-527-131 bde-text\">\nBizonytalan vagy az \u00c9leted alakul\u00e1s\u00e1ban?<br>Nem vagy el\u00e9g magabiztos?<br>Nincs el\u00e9g \u00f6nbizalmad?<br>Sok rossz dolog t\u00f6rt\u00e9nik veled?<br>Sokszor nem tudsz d\u00f6nteni?\u2028<br>Negat\u00edv gondolatok gy\u00f6t\u00f6rnek?\n<\/div>\n<\/div><div class=\"bde-column-527-109 bde-column\">\n  \n  \n\t\n\n\n\n<div class=\"bde-div-527-110 bde-div\">\n  \n  \n\t\n\n\n\n<h3 class=\"bde-heading-527-112 bde-heading\">\nMASSZ\u00c1ZS ETIKETT\n<\/h3><div class=\"bde-text-527-113 bde-text\">\nK\u00e9rlek tiszt\u00e1n, \u00e1poltan \u00e9rkezz, tiszta hajjal \u00e9s l\u00e1bakkal.<br>A massz\u00e1zskezel\u00e9st csak akkor folytatom le, amennyiben az alapvet\u0151 szem\u00e9lyi higi\u00e9niai felt\u00e9telek fenn\u00e1llnak.\n<\/div><h3 class=\"bde-heading-527-115 bde-heading\">\nMikor alkalmazhat\u00f3:\n<\/h3><div class=\"bde-text-527-116 bde-text\">\nVan, amikor nem tudunk besz\u00e9lni probl\u00e9m\u00e1inkr\u00f3l, arr\u00f3l, ami b\u00e1nt. Ilyenkor ez a non-verb\u00e1lis m\u00f3dszer egy remek lehet\u0151s\u00e9g. \u00d6nmag\u00e1ban is igen hat\u00e1sos,\u00a0 de remek kieg\u00e9sz\u00edt\u0151je is az egy\u00e9b ter\u00e1pi\u00e1knak \u00e9s \u00f6nismereti m\u00f3dszereknek, mint p\u00e9ld\u00e1ul a kineziol\u00f3gi\u00e1nak.<br><br>\u00c9let\u00fcnkben sz\u00e1mos kellemetlen lelki hat\u00e1s \u00e9r benn\u00fcnket. Ezek mind elrakt\u00e1roz\u00f3dnak tudatunkban. K\u00fcl\u00f6n\u00f6sen a magzati \u00e9s kisgyermekkorban elszenvedett traum\u00e1k \u00e9s hat\u00e1sok lehetnek nagyon er\u0151teljesek. Hab\u00e1r ezek m\u00e1r r\u00e9gen t\u00f6rt\u00e9ntek, pszich\u00e9nk m\u00e9gis eml\u00e9kszik r\u00e1juk. Terhet, sebet \u00e9s lelki s\u00e9r\u00fcl\u00e9st jelentenek, amelyek \u201em\u00e9rgezik\u201d a szem\u00e9lyis\u00e9get, kifejtik kellemetlen hat\u00e1sukat. Ezek a lelki blokkok, g\u00e1tak akad\u00e1lyozz\u00e1k a test \u00e9s l\u00e9lek szabad, eg\u00e9szs\u00e9ges (energia)\u00e1raml\u00e1s\u00e1t, ami kihat a tudatra, a mindennapi \u00e9letre. Megakad\u00e1lyozz\u00e1k, hogy teljes, \u00f6r\u00f6mteli \u00e9letet \u00e9lj\u00fcnk, mivel h\u00e1tt\u00e9rb\u0151l \u201em\u00e9rgezik\u201d az \u00e9rzelmeinket \u00e9s tudatunkat. G\u00e1tl\u00e1sokat, fesz\u00fclts\u00e9geket, \u00f6n\u00e9rt\u00e9kel\u00e9si vagy viselked\u00e9si probl\u00e9m\u00e1kat okozhatnak. A Metamorf massz\u00e1zs hat\u00e9konyan oldja fel ezeket. Seg\u00edt hogy felfedezd saj\u00e1t felel\u0151ss\u00e9ged \u00e9s bels\u0151 er\u0151forr\u00e1saidat, amiket haszn\u00e1lva egy jobb min\u0151s\u00e9gi \u00e9letet \u00e9lhetsz.<br>\n<\/div>\n<\/div>\n<\/div><\/div><\/div>\n<\/section><section class=\"bde-section-527-127 bde-section\">\n  \n  \n\t\n\n\n\n<div class=\"section-container\"><div class=\"bde-image-527-133 bde-image\">\n<figure class=\"breakdance-image breakdance-image--441\">\n\t<div class=\"breakdance-image-container\">\n\t\t<div class=\"breakdance-image-clip\"><img loading=\"lazy\" decoding=\"async\" class=\"breakdance-image-object\" src=\"https:\/\/www.akineziologia.hu\/wp-content\/uploads\/2024\/10\/E_2023_S-5.jpg\" width=\"2000\" height=\"1335\" srcset=\"https:\/\/www.akineziologia.hu\/wp-content\/uploads\/2024\/10\/E_2023_S-5.jpg 2000w, https:\/\/www.akineziologia.hu\/wp-content\/uploads\/2024\/10\/E_2023_S-5-300x200.jpg 300w, https:\/\/www.akineziologia.hu\/wp-content\/uploads\/2024\/10\/E_2023_S-5-1024x684.jpg 1024w, https:\/\/www.akineziologia.hu\/wp-content\/uploads\/2024\/10\/E_2023_S-5-768x513.jpg 768w, https:\/\/www.akineziologia.hu\/wp-content\/uploads\/2024\/10\/E_2023_S-5-1536x1025.jpg 1536w\" sizes=\"auto, (max-width: 2000px) 100vw, 2000px\"><\/div>\n\t<\/div><\/figure>\n\n<\/div><h3 class=\"bde-heading-527-137 bde-heading\">\nMilyen gyakran alkalmazhat\u00f3:\u00a0\n<\/h3><div class=\"bde-rich-text-527-129 bde-rich-text breakdance-rich-text-styles\">\n<ul><li style=\"font-weight: 400;\" aria-level=\"1\"><span style=\"font-weight: 400;\">Egy adott probl\u00e9m\u00e1ra 3-4 alkalom aj\u00e1nlott<\/span><\/li><li style=\"font-weight: 400;\" aria-level=\"1\"><span style=\"font-weight: 400;\">Nagyon r\u00e9gi, probl\u00e9m\u00e1kra ak\u00e1r 6-7 alkalom is aj\u00e1nlott<\/span><\/li><li style=\"font-weight: 400;\" aria-level=\"1\"><span style=\"font-weight: 400;\">Ez persze egy\u00e9nenk\u00e9nt elt\u00e9rhet, hiszen minden eset egyedi\u00a0<\/span><\/li><li style=\"font-weight: 400;\" aria-level=\"1\"><span style=\"font-weight: 400;\">Hetente egyszer javasolt j\u00f6nni<\/span><\/li><li style=\"font-weight: 400;\" aria-level=\"1\"><span style=\"font-weight: 400;\">2 alkalom k\u00f6z\u00f6tt maximum 2 h\u00e9t legyen, t\u00f6bb ne.<\/span><\/li><\/ul>\n<\/div><h3 class=\"bde-heading-527-135 bde-heading\">\nHat\u00e1sa:\n<\/h3><div class=\"bde-rich-text-527-139 bde-rich-text breakdance-rich-text-styles\">\n<ul><li style=\"font-weight: 400;\" aria-level=\"1\"><span style=\"font-weight: 400;\">A mindennapi \u00e9letben, \u00e9letvitelben, \u00e9letszeml\u00e9letben, \u00e9letkedvben hoz javul\u00e1st.\u00a0<\/span><\/li><li style=\"font-weight: 400;\" aria-level=\"1\"><span style=\"font-weight: 400;\">Seg\u00edt elt\u00fcntetni a f\u00e9lelmeket, a g\u00e1tl\u00e1sokat, a komor, haragos gondolatokat, a nyomaszt\u00f3 \u00e9rz\u00e9seket, frusztr\u00e1ci\u00f3kat.\u00a0<\/span><\/li><li style=\"font-weight: 400;\" aria-level=\"1\"><span style=\"font-weight: 400;\">Seg\u00edt nyitottabb\u00e1, oldottabb\u00e1, \u00e9leter\u0151sebb\u00e9 v\u00e1lni.\u00a0<\/span><\/li><li style=\"font-weight: 400;\" aria-level=\"1\"><span style=\"font-weight: 400;\">Megn\u00f6veli az \u00f6nbizalmat, az \u00e9letbe vetett hitet, \u00e9letkedvet.<\/span><\/li><li style=\"font-weight: 400;\" aria-level=\"1\"><span style=\"font-weight: 400;\">Vid\u00e1mabb\u00e1 tesz, fokozza a\u00a0\u00a0j\u00f3kedvet \u00e9s\u00a0optimizmust.\u00a0<\/span><\/li><li style=\"font-weight: 400;\" aria-level=\"1\"><span style=\"font-weight: 400;\">Megn\u0151 a j\u00f6v\u0151be vetett hit.\u00a0<\/span><\/li><\/ul><h4>\u00a0<\/h4>\n<\/div><h3 class=\"bde-heading-527-141 bde-heading\">\nEredm\u00e9nyei:\n<\/h3><div class=\"bde-rich-text-527-140 bde-rich-text breakdance-rich-text-styles\">\n<ul><li style=\"font-weight: 400;\" aria-level=\"1\"><span style=\"font-weight: 400;\">Rendbe tudnak j\u00f6nni a pszichoszomatikus t\u00fcnetek<\/span><\/li><li style=\"font-weight: 400;\" aria-level=\"1\"><span style=\"font-weight: 400;\">Depresszi\u00f3ra<\/span><\/li><li style=\"font-weight: 400;\" aria-level=\"1\"><span style=\"font-weight: 400;\">P\u00e1nikbetegs\u00e9gre<\/span><\/li><li style=\"font-weight: 400;\" aria-level=\"1\"><span style=\"font-weight: 400;\">Gy\u00e1sz feldolgoz\u00e1sa<\/span><\/li><li style=\"font-weight: 400;\" aria-level=\"1\"><span style=\"font-weight: 400;\">Tanul\u00e1si neh\u00e9zs\u00e9gek<\/span><\/li><li style=\"font-weight: 400;\" aria-level=\"1\"><span style=\"font-weight: 400;\">K\u00f6r\u00f6mr\u00e1g\u00e1sra<\/span><\/li><li style=\"font-weight: 400;\" aria-level=\"1\"><span style=\"font-weight: 400;\">V\u00e9rnyom\u00e1s probl\u00e9m\u00e1kra<\/span><\/li><li style=\"font-weight: 400;\" aria-level=\"1\"><span style=\"font-weight: 400;\">Hideg v\u00e9gtagok<\/span><\/li><li style=\"font-weight: 400;\" aria-level=\"1\"><span style=\"font-weight: 400;\">Beilleszked\u00e9si probl\u00e9m\u00e1k<\/span><\/li><li style=\"font-weight: 400;\" aria-level=\"1\"><span style=\"font-weight: 400;\">Vizsgadrukk<\/span><\/li><\/ul>\n<\/div><h3 class=\"bde-heading-527-145 bde-heading\">\nKin\u00e9l alkalmazhat\u00f3:\n<\/h3><div class=\"bde-rich-text-527-142 bde-rich-text breakdance-rich-text-styles\">\n<p><span style=\"font-weight: 400;\">A m\u00f3dszer teljesen biztons\u00e1gos \u00e9s b\u00e1rkin\u00e9l alkalmazhat\u00f3.\u00a0Id\u0151sekn\u00e9l \u00e9s kismam\u00e1kn\u00e1l is alkalmazhat\u00f3.<\/span><\/p>\n<\/div><h3 class=\"bde-heading-527-143 bde-heading\">\nGyermekekn\u00e9l:\n<\/h3><div class=\"bde-rich-text-527-144 bde-rich-text breakdance-rich-text-styles\">\n<p>A m\u00f3dszer gyermekekn\u00e9l is alkalmazhat\u00f3. 12 \u00e9ves korig az any\u00e1t is kezelni kell a gyermekkel, felv\u00e1ltva, hiszen a gyermekek akkor vannak j\u00f3l ha a sz\u00fcleik \u00e9s a csal\u00e1djuk j\u00f3l van.\u00a0Kisgyerekekn\u00e9l a sz\u00fcl\u0151 is v\u00e9gig bent van, \u00e9s k\u00f6zben csendben figyel, jelen van. A metamorf massz\u00e1zs seg\u00edt nekik feloldani a szorong\u00e1st, stresszt, kezelni a v\u00e1ltoz\u00e1sokat, seg\u00edti a beilleszked\u00e9st \u00e9s fejleszti a koncentr\u00e1ci\u00f3t. Szint\u00e9n seg\u00edt amennyiben cs\u00e1sz\u00e1rmetsz\u00e9ssel j\u00f6ttek a vil\u00e1gra, vagy b\u00e1rmilyen komplik\u00e1ci\u00f3ban r\u00e9szes\u00fcltek sz\u00fclet\u00e9s\u00fckkor ami maradand\u00f3 traum\u00e1t okoz. A fogyat\u00e9koss\u00e1ggal, tanul\u00e1si vagy viselked\u00e9si neh\u00e9zs\u00e9gekkel k\u00fczd\u0151 gyermekek is \u00e9lvezik a r\u00e9szv\u00e9telt.<\/p>\n<\/div><h3 class=\"bde-heading-527-138 bde-heading\">\nSeg\u00edt megtapasztalni val\u00f3di \u00f6nmagad, felfedezni azt a dics\u0151s\u00e9get \u00e9s sz\u00e9ps\u00e9get ami val\u00f3j\u00e1ban vagy, aki te vagy. Ez teh\u00e1t a transzform\u00e1ci\u00f3.<br><br>Mindenkinek \u0151szint\u00e9n sz\u00edvb\u0151l aj\u00e1nlom.\n<\/h3><div class=\"bde-button-527-132 bde-button\">\n    \n                                    \n    \n    \n    \n    \n            \n                    \n            \n            \n\n    \n    \n    \n    \n    \n    <a class=\"breakdance-link button-atom button-atom--custom bde-button__button\" href=\"https:\/\/akineziologia.booked4.us\" target=\"_self\" data-type=\"url\"  >\n\n    \n        <span class=\"button-atom__text\">Id\u0151pontot foglalok<\/span>\n\n        \n        \n                <\/a>\n\n    \n\n\n<\/div><\/div>\n<\/section>","protected":false},"excerpt":{"rendered":"<p>Metamorf massz\u00e1zs A Metamorf massz\u00e1zs egy blokkold\u00f3 technika mely a gerinc reflexz\u00f3n\u00e1in kereszt\u0171l fejti ki hat\u00e1s\u00e1t. Igen er\u0151s stresszold\u00f3 \u00e9s lelki blokkold\u00f3 hat\u00e1ssal b\u00edr, mely kihat az eg\u00e9sz szervezetre. Nagyon finom, gyeng\u00e9d \u00e9rint\u00e9seket alkalmaz a test reflexpontjain, amelyek a l\u00e1bfejen, k\u00e9zfejen, kopony\u00e1n \u00e9s arcon helyezkednek el \u00e9s \u00edgy stimul\u00e1lja a gerincreflexpontokat. Ezek a finom \u00e9rint\u00e9sek, [&hellip;]<\/p>\n","protected":false},"author":1,"featured_media":0,"parent":0,"menu_order":0,"comment_status":"closed","ping_status":"closed","template":"","meta":{"_breakdance_hide_in_design_set":false,"_breakdance_tags":"","footnotes":""},"class_list":["post-527","page","type-page","status-publish","hentry"],"_links":{"self":[{"href":"https:\/\/www.akineziologia.hu\/index.php?rest_route=\/wp\/v2\/pages\/527","targetHints":{"allow":["GET"]}}],"collection":[{"href":"https:\/\/www.akineziologia.hu\/index.php?rest_route=\/wp\/v2\/pages"}],"about":[{"href":"https:\/\/www.akineziologia.hu\/index.php?rest_route=\/wp\/v2\/types\/page"}],"author":[{"embeddable":true,"href":"https:\/\/www.akineziologia.hu\/index.php?rest_route=\/wp\/v2\/users\/1"}],"replies":[{"embeddable":true,"href":"https:\/\/www.akineziologia.hu\/index.php?rest_route=%2Fwp%2Fv2%2Fcomments&post=527"}],"version-history":[{"count":14,"href":"https:\/\/www.akineziologia.hu\/index.php?rest_route=\/wp\/v2\/pages\/527\/revisions"}],"predecessor-version":[{"id":1099,"href":"https:\/\/www.akineziologia.hu\/index.php?rest_route=\/wp\/v2\/pages\/527\/revisions\/1099"}],"wp:attachment":[{"href":"https:\/\/www.akineziologia.hu\/index.php?rest_route=%2Fwp%2Fv2%2Fmedia&parent=527"}],"curies":[{"name":"wp","href":"https:\/\/api.w.org\/{rel}","templated":true}]}}